{"id":2772,"date":"2019-12-09T18:19:15","date_gmt":"2019-12-09T17:19:15","guid":{"rendered":"http:\/\/www.menorcavillas.com.mialias.net\/menorca\/"},"modified":"2026-03-17T14:36:46","modified_gmt":"2026-03-17T13:36:46","slug":"vacaciones-en-menorca","status":"publish","type":"page","link":"https:\/\/menorcavillas.co.uk\/es\/vacaciones-en-menorca\/","title":{"rendered":"Vacaciones en Menorca"},"content":{"rendered":"\n\n  <div class=\"banner has-hover\" id=\"banner-1727661317\">\n          <div class=\"banner-inner fill\">\n        <div class=\"banner-bg fill\" >\n            <img decoding=\"async\" width=\"1020\" height=\"680\" src=\"https:\/\/menorcavillas.co.uk\/wp-content\/uploads\/2019\/12\/joao-branco-Swxac6vOsY8-unsplash-1024x683.jpg\" class=\"bg attachment-large size-large\" alt=\"\" \/>                        <div class=\"overlay\"><\/div>            \n                    <\/div>\n\t\t\n        <div class=\"banner-layers container\">\n            <div class=\"fill banner-link\"><\/div>            \n\n   <div id=\"text-box-1791748578\" class=\"text-box banner-layer x50 md-x50 lg-x50 y50 md-y50 lg-y50 res-text\">\n                                <div class=\"text-box-content text dark\">\n              \n              <div class=\"text-inner text-center\">\n                  \n\n<h1><span style=\"font-size: 130%;\">Vacaciones en Menorca<\/span><\/h1>\n\n              <\/div>\n           <\/div>\n                            \n<style>\n#text-box-1791748578 {\n  width: 60%;\n}\n#text-box-1791748578 .text-box-content {\n  font-size: 100%;\n}\n<\/style>\n    <\/div>\n \n\n        <\/div>\n      <\/div>\n\n            \n<style>\n#banner-1727661317 {\n  padding-top: 500px;\n}\n#banner-1727661317 .overlay {\n  background-color: rgba(0, 0, 0, 0.17);\n}\n<\/style>\n  <\/div>\n\n\n<div class=\"slider-wrapper relative\" id=\"slider-1558149332\" >\n    <div class=\"slider slider-nav-circle slider-nav-large slider-nav-light slider-style-normal\"\n        data-flickity-options='{\n            \"cellAlign\": \"center\",\n            \"imagesLoaded\": true,\n            \"lazyLoad\": 1,\n            \"freeScroll\": false,\n            \"wrapAround\": true,\n            \"autoPlay\": 6000,\n            \"pauseAutoPlayOnHover\" : true,\n            \"prevNextButtons\": true,\n            \"contain\" : true,\n            \"adaptiveHeight\" : true,\n            \"dragThreshold\" : 10,\n            \"percentPosition\": true,\n            \"pageDots\": true,\n            \"rightToLeft\": false,\n            \"draggable\": true,\n            \"selectedAttraction\": 0.1,\n            \"parallax\" : 0,\n            \"friction\": 0.6        }'\n        >\n        \n\n<div class=\"row\"  id=\"row-340350835\">\n\n\n\t<div id=\"col-456785494\" class=\"col small-12 large-12\"  >\n\t\t\t\t<div class=\"col-inner\"  >\n\t\t\t\n\t\t\t\n\n\t<div id=\"gap-1036767664\" class=\"gap-element clearfix\" style=\"display:block; height:auto;\">\n\t\t\n<style>\n#gap-1036767664 {\n  padding-top: 53px;\n}\n<\/style>\n\t<\/div>\n\t\n\n<h2><span style=\"color: #1ea595;\">Las mejores vacaciones en Menorca<\/span><\/h2>\n<h3>La isla de Menorca<\/h3>\n<p>Considerada como la gran joya del Mediterr\u00e1neo, es la isla m\u00e1s oriental y septentrional de las islas Baleares. Es la segunda en extensi\u00f3n y tercera en poblaci\u00f3n del archipi\u00e9lago mediterr\u00e1neo. Su nombre proviene del lat\u00edn Minorica, debido a que los romanos as\u00ed la denominaron por ser menor que la isla de Mallorca. Menorca seduce a sus visitantes por su tranquilidad, sus aguas transparentes y su infinidad de calas y playas. Tiene m\u00e1s de 80 playas y calas que se distribuyen por toda su costa. En 1993 fue declarada Reserva de la Biosfera por la Unesco. Menorca conserva todav\u00eda la frescura de un territorio r\u00fastico y sin explotar. Las grandes construcciones no abundan y est\u00e1 llena de peque\u00f1as casitas y villas blancas. Sus carreteras est\u00e1n bordeadas con muros de piedra muy caracter\u00edsticos. El ritmo de vida en la isla es muy mediterr\u00e1neo y siempre consigue que todos sus visitantes se relajen, se dir\u00eda que todo va a c\u00e1mara lenta. Si est\u00e1 buscando una vacaciones en un ambiente relajado, tranquilo y seguro, Menorca es su destino perfecto.Todo aquel que la visita repite y de hecho en muchas ocasiones el turista decide convertirse en residente habitual.<\/p>\n<p><strong>PLAYAS<\/strong><br \/>M\u00e1s de 80 playas y calas se distribuyen por todo el largo de la costa Menorquina. Durante sus vacaciones puede visitar una playa diferente cada d\u00eda.<\/p>\n<p><b>MENORCA NORTE<br \/><\/b>La costa norte de Menorca es abrupta e irregular con una belleza natural sin artificios. Muchas de sus calas est\u00e1n sin explotar y se llega a ellas por barco o a pie.e cada d\u00eda y a\u00fan as\u00ed no las ver\u00e1 todas. FORNELLS es bello puerto natural en un tradicional pueblo de pescadores.<\/p>\n<p>Es conocido gracias a sus restaurantes y a la variedad de deportes n\u00e1uticos que se pueden practicar. La caldereta de langosta es el plato estrella y es obligatorio probarla. PUERTO ADDAYA es un peque\u00f1o puerto deportivo rodeado de varios restaurantes y supermercados.<\/p>\n<p>A cinco minutos en coche est\u00e1n el coqueto pueblo costero de NA MACARET con su playa de arena. SON PARC le ofrece el \u00fanico campo de golf de la isla. Es una urbanizaci\u00f3n con apartamentos, chalets, restaurantes y supermercados. ARENAL D\u2019ES CASTELL es una impresionante concha de 500 m. de di\u00e1metro con una bocana de apenas 150, es una de las mejores playas de la isla; espaciosa, limpia y de arena blanca y fina.<\/p>\n<p>Arenal des Castell Menorca Villas Otras playas de la costa norte: CALA MORELL, CALA PREGONDA, CALA TIRANT, CALA PILAR y CAP DE CAVALLER\u00cdA.<\/p>\n<p><strong>MENORCA SUR<\/strong>\u00a0<br \/>La costa sur de Menorca es el destino tur\u00edstico m\u00e1s popular de la isla con las playas de Binibeca, Punta Prima y Son Bou a la cabeza. BINIBECA a dem\u00e1s de su playa de arena con chiringuito ofrece la visita al pueblo de pescadores, BINIBECA VELL.<\/p>\n<p>Fotos en sus callejuelas estrechas de un blanco deslumbrante son obligatorias. Cuenta con varios restaurantes, bares, sumermercados y tiendas de souvenirs. La playa de PUNTA PRIMA es el destino favorito para las familias con ni\u00f1os.<\/p>\n<p>La playa es amplia y ofrece alquiler de tumbonas y sombrillas. El color del agua a su paso por Punta Prima cambia a turquesa y se puede ver la Isla del Aire con su faro justo en frente. ALCAUFAR est\u00e1 muy cerca.<\/p>\n<p>Se puede llegar a s\u00f3lo unos minutos en coche o si es m\u00e1s atrevido a 50 min. caminando. SON BOU es la playa m\u00e1s larga de toda Menorca. Son casi 3 kil\u00f3metros ininterrumpidos de fina arena y de aguas transparentes.<\/p>\n<p>Es muy popular para los turistas y cuenta con bares, restaurantes, supermercados, souvenirs, etc. Otras playas de la costa sur son: CALA GALDANA, SANTO TOM\u00c1S, CALA MITJANA, MACARELLA, MACARELLETA y CALAN PORTER.<\/p>\n<p><strong>MENORCA<\/strong> <strong>ESTE<\/strong><br \/>La costa Este de Menorca no es muy extensa. Se puede decir que va desde el Faro de Fav\u00e0ritx hasta S\u2019Algar. ES GRAU es una playa en forma de herradura con muy poca profundidad perfecta para ni\u00f1os peque\u00f1os.<\/p>\n<p>LA ALBUFERA DE ES GRAU es el n\u00facleo de la Reserva de la Biosfera y ha sido declarada Parque Natural. MAH\u00d3N o MA\u00d3 es la capital de la isla y est\u00e1 situada en su costa Este. No tiene una playa propia pero suyo es el puerto natural m\u00e1s grande de Europa y el segundo de todo el Mundo.<\/p>\n<p>No olvide pasear por \u00e9l y disfrutar de los maravillosos yates amarrados. CALA MESQUIDA est\u00e1 a s\u00f3lo unos minutos de Mah\u00f3n. Dispone de zona de aparcamiento. Para llegar a la playa hay que caminar un poco pero por una carretera bien asfaltada.<\/p>\n<p>La ILLA D\u2019EN COLOM forma tambi\u00e9n parte de este Parque Natural. Se puede llegar a ella en barco particular o con las populares golondrinas. CALA ES MURTAR es una cala rocosa situada en la urbanizaci\u00f3n Es Murtar que era un antiguo pueblo de pescadores. Se pueden ver peque\u00f1as barcas de pesca. Tiene una zona para ba\u00f1istas con un trampol\u00edn y una escalera.<\/p>\n<p><strong>MENORCA OESTE<\/strong> <br \/>En la costa Oeste de Menorca est\u00e1 situada CIUDADELA \/CIUTADELLA. Es la ciudad con m\u00e1s habitantes de la isla y fue su capital hasta 1714.<\/p>\n<p>Sus calles tienen un aire se\u00f1orial con edificios magn\u00edficos y callejuelas perfectas para un paseo rom\u00e1ntico. Las calas de la costa Oeste de Menorca se caracterizan por su proximidad a la CIUTADELLA, visita imprescindible durante su estancia en Menorca.<\/p>\n<p>La playa de CALA\u2019N BOSCH est\u00e1 muy cerca. Est\u00e1 totalmente urbanizada pero la arena y el agua es de las mejores. CALA BLANCA es una peque\u00f1a cala en la peque\u00f1a urbanizaci\u00f3n tur\u00edstica del mismo nombre.<\/p>\n<p>Est\u00e1 a s\u00f3lo 5 minutos de Ciutadella en coche. Otras calas pr\u00f3ximas son: SANTANDR\u00cdA, CALAS PIQUES.<\/p>\n\n\n\t\t<\/div>\n\t\t\t\t\t<\/div>\n\n\t\n\n<\/div>\n\n     <\/div>\n\n     <div class=\"loading-spin dark large centered\"><\/div>\n\n\t<\/div>\n\n\n\n\t<section class=\"section\" id=\"section_1403479369\">\n\t\t<div class=\"section-bg fill\" >\n\t\t\t\t\t\t\t\t\t\n\t\t\t\n\n\t\t<\/div>\n\n\t\t\n\n\t\t<div class=\"section-content relative\">\n\t\t\t\n\n  <div class=\"banner-grid-wrapper\">\n  <div id=\"banner-grid-884792219\" class=\"banner-grid row row-grid row-small\" data-packery-options=\"\">\n                      \n\n<div class=\"col grid-col small-12 large-4 grid-col-1\" ><div class=\"col-inner\">\n\n\t<div class=\"box has-hover   has-hover box-label box-text-bottom\" >\n\n\t\t<div class=\"box-image\" >\n\t\t\t<a href=\"#\" >\t\t\t<div class=\"\" >\n\t\t\t\t<img decoding=\"async\" width=\"2560\" height=\"1814\" src=\"https:\/\/menorcavillas.co.uk\/wp-content\/uploads\/2019\/12\/jakob-owens-UgpQ1Aq-xsI-unsplash-scaled.jpg\" class=\"attachment- size-\" alt=\"\" srcset=\"https:\/\/menorcavillas.co.uk\/wp-content\/uploads\/2019\/12\/jakob-owens-UgpQ1Aq-xsI-unsplash-scaled.jpg 2560w, https:\/\/menorcavillas.co.uk\/wp-content\/uploads\/2019\/12\/jakob-owens-UgpQ1Aq-xsI-unsplash-510x361.jpg 510w, https:\/\/menorcavillas.co.uk\/wp-content\/uploads\/2019\/12\/jakob-owens-UgpQ1Aq-xsI-unsplash-300x213.jpg 300w, https:\/\/menorcavillas.co.uk\/wp-content\/uploads\/2019\/12\/jakob-owens-UgpQ1Aq-xsI-unsplash-768x544.jpg 768w, https:\/\/menorcavillas.co.uk\/wp-content\/uploads\/2019\/12\/jakob-owens-UgpQ1Aq-xsI-unsplash-1024x726.jpg 1024w\" sizes=\"(max-width: 2560px) 100vw, 2560px\" \/>\t\t\t\t\t\t\t\t\t\t\t<\/div>\n\t\t\t<\/a>\t\t<\/div>\n\n\t\t<div class=\"box-text show-on-hover hover-slide text-left dark\" style=\"background-color:rgb(30, 165, 149);\">\n\t\t\t<div class=\"box-text-inner\">\n\t\t\t\t\n\n<p>Actividades<\/p>\n\n\t\t\t<\/div>\n\t\t<\/div>\n\t<\/div>\n\t\n\n<\/div><\/div>\n<div class=\"col grid-col small-12 large-4 grid-col-1\" ><div class=\"col-inner\">\n\n\t<div class=\"box has-hover   has-hover box-label box-text-bottom\" >\n\n\t\t<div class=\"box-image\" >\n\t\t\t<a href=\"#\" >\t\t\t<div class=\"\" >\n\t\t\t\t<img decoding=\"async\" width=\"2560\" height=\"1709\" src=\"https:\/\/menorcavillas.co.uk\/wp-content\/uploads\/2019\/12\/jez-timms-MuPtMaRAJe8-unsplash-scaled.jpg\" class=\"attachment- size-\" alt=\"\" srcset=\"https:\/\/menorcavillas.co.uk\/wp-content\/uploads\/2019\/12\/jez-timms-MuPtMaRAJe8-unsplash-scaled.jpg 2560w, https:\/\/menorcavillas.co.uk\/wp-content\/uploads\/2019\/12\/jez-timms-MuPtMaRAJe8-unsplash-510x340.jpg 510w, https:\/\/menorcavillas.co.uk\/wp-content\/uploads\/2019\/12\/jez-timms-MuPtMaRAJe8-unsplash-300x200.jpg 300w, https:\/\/menorcavillas.co.uk\/wp-content\/uploads\/2019\/12\/jez-timms-MuPtMaRAJe8-unsplash-768x513.jpg 768w, https:\/\/menorcavillas.co.uk\/wp-content\/uploads\/2019\/12\/jez-timms-MuPtMaRAJe8-unsplash-1024x684.jpg 1024w\" sizes=\"(max-width: 2560px) 100vw, 2560px\" \/>\t\t\t\t\t\t\t\t\t\t\t<\/div>\n\t\t\t<\/a>\t\t<\/div>\n\n\t\t<div class=\"box-text show-on-hover hover-slide text-left dark\" style=\"background-color:rgb(30, 165, 149);\">\n\t\t\t<div class=\"box-text-inner\">\n\t\t\t\t\n\n<p>Cultura e Historia<\/p>\n\n\t\t\t<\/div>\n\t\t<\/div>\n\t<\/div>\n\t\n\n<\/div><\/div>\n<div class=\"col grid-col small-12 large-4 grid-col-1\" ><div class=\"col-inner\">\n\n\t<div class=\"box has-hover   has-hover box-label box-text-bottom\" >\n\n\t\t<div class=\"box-image\" >\n\t\t\t<a href=\"#\" >\t\t\t<div class=\"\" >\n\t\t\t\t<img decoding=\"async\" width=\"1707\" height=\"2560\" src=\"https:\/\/menorcavillas.co.uk\/wp-content\/uploads\/2019\/12\/casey-lee-awj7sRviVXo-unsplash-scaled.jpg\" class=\"attachment- size-\" alt=\"\" srcset=\"https:\/\/menorcavillas.co.uk\/wp-content\/uploads\/2019\/12\/casey-lee-awj7sRviVXo-unsplash-scaled.jpg 1707w, https:\/\/menorcavillas.co.uk\/wp-content\/uploads\/2019\/12\/casey-lee-awj7sRviVXo-unsplash-510x765.jpg 510w, https:\/\/menorcavillas.co.uk\/wp-content\/uploads\/2019\/12\/casey-lee-awj7sRviVXo-unsplash-200x300.jpg 200w, https:\/\/menorcavillas.co.uk\/wp-content\/uploads\/2019\/12\/casey-lee-awj7sRviVXo-unsplash-768x1152.jpg 768w, https:\/\/menorcavillas.co.uk\/wp-content\/uploads\/2019\/12\/casey-lee-awj7sRviVXo-unsplash-683x1024.jpg 683w\" sizes=\"(max-width: 1707px) 100vw, 1707px\" \/>\t\t\t\t\t\t\t\t\t\t\t<\/div>\n\t\t\t<\/a>\t\t<\/div>\n\n\t\t<div class=\"box-text show-on-hover hover-slide text-left dark\" style=\"background-color:rgb(30, 165, 149);\">\n\t\t\t<div class=\"box-text-inner\">\n\t\t\t\t\n\n<p>Restaurantes<\/p>\n\n\t\t\t<\/div>\n\t\t<\/div>\n\t<\/div>\n\t\n\n<\/div><\/div>\n\n            <\/div>\n    <style>\n    #banner-grid-884792219 .grid-col-1{height: 400px}\n    #banner-grid-884792219 .grid-col-1-2{height: 200px}\n    #banner-grid-884792219 .grid-col-1-3{height:133.33333333333px}\n    #banner-grid-884792219 .grid-col-2-3{height: 266.66666666667px}\n    #banner-grid-884792219 .grid-col-1-4{height: 100px}\n    #banner-grid-884792219 .grid-col-3-4{height: 300px}\n\n\n    \n    \n\n  <\/style>\n    <\/div>\n  \n\n\t\t<\/div>\n\n\t\t\n<style>\n#section_1403479369 {\n  padding-top: 60px;\n  padding-bottom: 60px;\n}\n<\/style>\n\t<\/section>\n\t\n\n\t<section class=\"section\" id=\"section_1931060624\">\n\t\t<div class=\"section-bg fill\" >\n\t\t\t\t\t\t\t\t\t\n\t\t\t\n\t<div class=\"is-border\"\n\t\tstyle=\"border-color:rgb(235, 235, 235);border-width:1px 0px 0px 0px;\">\n\t<\/div>\n\n\t\t<\/div>\n\n\t\t\n\n\t\t<div class=\"section-content relative\">\n\t\t\t\n\n<div class=\"row\"  id=\"row-1917375037\">\n\n\n\t<div id=\"col-482958018\" class=\"col medium-6 small-12 large-6\"  >\n\t\t\t\t<div class=\"col-inner\"  >\n\t\t\t\n\t\t\t\n\n<h3><span style=\"color: #ffffff; font-size: 120%;\">Actividades<\/span><\/h3>\n<p><span style=\"color: #ffffff;\">Menorca ofrece un sinf\u00edn de actividades para realizar solo, en pareja y en familia.\u00a0<\/span><\/p>\n<p style=\"text-align: left;\" data-line-height=\"xl\"><span style=\"color: #ffffff;\"><strong>GOLF<\/strong> <\/span><br \/><span style=\"color: #ffffff;\"><a style=\"color: #ffffff;\" href=\"http:\/\/golfsonparc.com\/\">Golf Son Parc<\/a> le ofrece un circuito de 18 hoyos ideal tanto para principiantes como para jugadores experimentados. Est\u00e1 situado al lado de la playa de Son Parc en la costa norte de Menorca.<\/span><\/p>\n<p><span style=\"color: #ffffff;\"><strong>BICICLETA<\/strong> <\/span><br \/><span style=\"color: #ffffff;\">Menorca es perfecta para las dos ruedas. M\u00e1s informaci\u00f3n sobre el alquiler de bicicletas de monta\u00f1a y motocicletas en <a style=\"color: #ffffff;\" href=\"https:\/\/www.facebook.com\/anthonysbikes\/\">Anthony\u2019s Bikes<\/a><\/span><\/p>\n<p><span style=\"color: #ffffff;\"><strong>CABALLOS<\/strong> <\/span><br \/><span style=\"color: #ffffff;\">La tradici\u00f3n ecuestre es muy importante en Menorca. Encontrar\u00e1 desde cursos a excursiones organizadas para todos los niveles. Os recomendamos <a style=\"color: #ffffff;\" href=\"http:\/\/www.menorcahorseriding.com\/es\">Menorca Horse Riding\u00a0<\/a><\/span><\/p>\n<p><span style=\"color: #ffffff;\"><strong>SENDERISMO<\/strong> <\/span><br \/><span style=\"color: #ffffff;\">Hay muchos turistas que vienen a Menorca a disfrutar de las rutas a pie, especialmente del famoso <a style=\"color: #ffffff;\" href=\"http:\/\/www.camidecavalls.com\/portal.aspx?IDIOMA=2\">Cam\u00ed de Cavalls<\/a> (camino de caballos), es un sendero de gran recorrido que circunvala la isla de Menorca.<\/span><\/p>\n<p style=\"text-align: left;\" data-line-height=\"xl\"><span style=\"color: #ffffff;\"><strong>SUBMARINISMO<\/strong><\/span><br \/><span style=\"color: #ffffff;\">La Menorca submarina es espectacular. La calidez de sus aguas y su gran visibilidad atrae a buceadores de todo el mundo. Es tambi\u00e9n el lugar ideal para iniciarse en este deporte. Con <a style=\"color: #ffffff;\" href=\"https:\/\/www.salgardiving.com\/es\/\">S\u2019Algar Diving<\/a> podr\u00e9is explorar el mundo acu\u00e1tico de Menorca.<\/span><\/p>\n<p style=\"text-align: left;\"><span style=\"color: #ffffff;\"><strong>VELA<\/strong> <\/span><br \/><span style=\"color: #ffffff;\">Ya sea alquilando un velero como practicando el windsurf, Menorca le ofrece multitud de ofertas n\u00e1uticas. Jetski, kayak, snorkeling, etc. Os recomendamos <a style=\"color: #ffffff;\" href=\"https:\/\/www.quaysportmenorca.com\/\">Quaysport Menorca<\/a> y <a style=\"color: #ffffff;\" href=\"https:\/\/www.diacomplert.com\/es\/\">D\u00eda complert<\/a> para realizar diferentes actividades acu\u00e1ticas.\u00a0<\/span><\/p>\n\n\t\t<\/div>\n\t\t\t\t\t<\/div>\n\n\t\n\n\t<div id=\"col-178823211\" class=\"col medium-6 small-12 large-6\"  >\n\t\t\t\t<div class=\"col-inner\"  >\n\t\t\t\n\t\t\t\n\n<p style=\"text-align: left;\"><span style=\"color: #ffffff;\"><strong>CULTURA<\/strong> <\/span><br \/><span style=\"color: #ffffff;\">Fort Malborough, Fuerte construido por los ingleses en perfecto estado de conservaci\u00f3n. <a style=\"color: #ffffff;\" href=\"https:\/\/www.fortalesalamola.com\/es\/inicio\">La Mola<\/a>, ejemplo de la arquitectura militar del siglo XIX de Menorca. Fue una estructura decisiva para la defensa de la isla.<\/span><\/p>\n<p style=\"text-align: left;\"><span style=\"color: #ffffff;\"><strong>AQUAPARKS<\/strong><\/span><br \/><span style=\"color: #ffffff;\">Sol, agua, toboganes y velocidad. \u00a1Qu\u00e9 mejor forma de pasar un d\u00eda de calor en Menorca! Pod\u00e9is encontrar dos parques acu\u00e1ticos en la isla: <a style=\"color: #ffffff;\" href=\"http:\/\/www.aquacenter-menorca.com\/\">Aquacenter<\/a> en Cala en Blanes y <a style=\"color: #ffffff;\" href=\"http:\/\/www.aquarock-menorca.com\/\">Aquarock<\/a> en Cala en Bosc.<\/span><\/p>\n<p style=\"text-align: left;\"><span style=\"color: #ffffff;\"><strong>M\u00daSICA<\/strong><\/span><br \/><span style=\"color: #ffffff;\">Concierto de \u00f3rgano Iglesia de Santa Mar\u00eda de Mah\u00f3n. Todos los d\u00edas a las 11 de la ma\u00f1ana (excepto los domingos). Jazz Club El Bar-Casino en Sant Clemente organiza noches de jazz todos los martes por la noche durante los meses de verano. No deje de visitar la <a style=\"color: #ffffff;\" href=\"https:\/\/www.covadenxoroi.com\/es\">Cova d\u2019en Xoroi<\/a>, una Sala de Fiestas en una cueva natural sobre un acantilado.<\/span><\/p>\n<p><span style=\"color: #ffffff;\"><strong>COMPRAS<\/strong><\/span><br \/><span style=\"color: #ffffff;\">Las calles de Mah\u00f3n y Ciutadella est\u00e1n repletas de tiendas para todos los gustos. Adem\u00e1s tambi\u00e9n organizan mercadillos semanales. Mah\u00f3n \u2013 martes y s\u00e1bados Ciutadella \u2013 viernes y s\u00e1bados Es Castell \u2013 lunes y mi\u00e9rcoles Alaior \u2013 jueves Ferreries \u2013 martes y viernes<\/span><\/p>\n<p><span style=\"color: #ffffff;\"><strong>PRODUCTOS T\u00cdPICOS<\/strong><\/span><br \/><span style=\"color: #ffffff;\"><a style=\"color: #ffffff;\" href=\"https:\/\/xoriguer.es\/\">La destiler\u00eda Gin Xoriguer<\/a> en Mah\u00f3n organiza visitas guiadas. <a style=\"color: #ffffff;\" href=\"https:\/\/www.subaida.com\/es\/\">La Finca Subaida<\/a> ofrece visitas para ver el proceso de fabricaci\u00f3n del Quesos Mah\u00f3n-Menorca D.O.P. as\u00ed como embutidos t\u00edpicos.<\/span><\/p>\n\n\t\t<\/div>\n\t\t\t\t\t<\/div>\n\n\t\n\n<\/div>\n\n\t\t<\/div>\n\n\t\t\n<style>\n#section_1931060624 {\n  padding-top: 59px;\n  padding-bottom: 59px;\n  min-height: 300px;\n  background-color: #1ea595;\n}\n<\/style>\n\t<\/section>\n\t\n\t<div id=\"gap-529983896\" class=\"gap-element clearfix\" style=\"display:block; height:auto;\">\n\t\t\n<style>\n#gap-529983896 {\n  padding-top: 30px;\n}\n<\/style>\n\t<\/div>\n\t\n\n\n\t<section class=\"section\" id=\"section_105420366\">\n\t\t<div class=\"section-bg fill\" >\n\t\t\t\t\t\t\t\t\t\n\t\t\t\n\n\t\t<\/div>\n\n\t\t\n\n\t\t<div class=\"section-content relative\">\n\t\t\t\n\n<div class=\"row\"  id=\"row-165762343\">\n\n\n\t<div id=\"col-1073550251\" class=\"col medium-6 small-12 large-6\"  >\n\t\t\t\t<div class=\"col-inner\"  >\n\t\t\t\n\t\t\t\n\n<h3 style=\"text-align: left;\"><span style=\"font-size: 120%;\">Cultura e Historia<\/span><\/h3>\n<p style=\"text-align: left;\" data-line-height=\"xl\"><span style=\"color: #000000;\"><strong>PREHIST\u00d3RIA<\/strong><\/span><br \/><span style=\"color: #000000;\">Menorca puede reclamar tener la mayor concentraci\u00f3n de monumentos prehist\u00f3ricos mejor conservados del mundo, principalmente del per\u00edodo talay\u00f3tico que existi\u00f3 durante la edad de hierro. <\/span><\/p>\n<p><span style=\"color: #000000;\">La isla es conocida como el museo prehist\u00f3rico al aire libre m\u00e1s grande del mundo, y no sin una buena raz\u00f3n. Incluso si usted no es un aficionado a la historia, se sorprender\u00e1 de lo que hay en la isla. <\/span><\/p>\n<p><span style=\"color: #000000;\">Estructuras de piedra de 4 m de altura (taulas) que desaf\u00edan la gravedad y 2000 a\u00f1os de clima. Hay tantas estructuras de piedra del pasado lejano de Menorca que a veces es dif\u00edcil no tropezar con ellas. No tienes que ser un fan\u00e1tico de la historia para apreciarlos. <\/span><\/p>\n<p><span style=\"color: #000000;\">En algunos de los sitios obtendr\u00e1 un verdadero sentido de la vida en su forma m\u00e1s primitiva. Los monumentos se han hecho m\u00e1s accesibles al p\u00fablico, con informaci\u00f3n de gu\u00eda, pero cobran una tarifa de entrada moderada para cubrir el personal y los costes de mantenimiento.<\/span><\/p>\n<p style=\"text-align: left;\" data-line-height=\"xl\"><span style=\"color: #000000;\"><strong>SHOPPING<\/strong><\/span><br \/><span style=\"color: #000000;\">Las calles de Mah\u00f3n y Ciudadela est\u00e1n llenas de tiendas para todos los gustos. Tambi\u00e9n se llevan a cabo mercados artesanos semanales. <\/span><\/p>\n<p><span style=\"color: #000000;\">Mah\u00f3n \u2013 Martes y S\u00e1bado Ciutadella \u2013 Viernes y S\u00e1bado Es Castell \u2013 Lunes y Mi\u00e9rcoles Alaior \u2013 Jueves Ferreries \u2013 Jueves y Viernes Mah\u00f3n y Ciutadella son ciudades fant\u00e1sticas para dar un paseo, con calles preciosas, en las cuales puedes encontrarte con bonitas iglesias y museos.<\/span><\/p>\n<p style=\"text-align: left;\" data-line-height=\"xl\">\u00a0<\/p>\n\n\t\t<\/div>\n\t\t\t\t\t<\/div>\n\n\t\n\n\t<div id=\"col-881230497\" class=\"col medium-6 small-12 large-6\"  >\n\t\t\t\t<div class=\"col-inner\"  >\n\t\t\t\n\t\t\t\n\n<p style=\"text-align: left;\" data-line-height=\"xl\"><span style=\"color: #282828;\"><strong>FIESTAS<\/strong><\/span><br \/><span style=\"color: #000000;\">Los caballos son factor com\u00fan en todas las fiestas populares de Menorca, que se celebran durante los meses veraniegos y que sirven de escaparate perfecto para las tradiciones isle\u00f1as de anta\u00f1o. <\/p>\n<p>La primera fecha importante del calendario cae en junio, con las famosas fiestas de Sant Joan en Ciutadella. Las \u00faltimas fiestas del verano se celebran en septiembre, las de Sant Nicolau de Es Mercadal que se celebran inmediatamente despu\u00e9s de las fiestas de la Virgen de Gracia de Ma\u00f3. <\/p>\n<p>Los jinetes (conocidos por Caixer y Cavallers) se visten de negro y blanco. La mayor\u00eda de los caballos son de la famosa raza menorquina. Jinetes y caballos desfilan por las calles al son de la m\u00fasica mezcl\u00e1ndose con la multitud. <\/p>\n<p>Los caballos levantan las patas delanteras y los valientes tocan su pecho. Durante estos d\u00edas de fiesta se combina la tradici\u00f3n religiosa con la diversi\u00f3n mundana. Son d\u00edas de alegr\u00eda, diversi\u00f3n y buen humor. <\/p>\n<p>Son unas fiestas entra\u00f1ables y \u00fanicas en el mundo. La bebida popular de las fiestas se llama POMADA y lleva ginebra menorquina con limonada.<\/span><\/p>\n<table>\n<tbody>\n<tr>\n<td><span style=\"color: #282828;\">Ciutadella<\/span><\/td>\n<td><span style=\"color: #282828;\">\u00a0 23 y 24 junio<\/span><\/td>\n<td><span style=\"color: #282828;\">\u00a0\u00a0 \u00a0Sant Joan<\/span><\/td>\n<\/tr>\n<tr>\n<td><span style=\"color: #282828;\">Es Mercadal<\/span><\/td>\n<td><span style=\"color: #282828;\">\u00a0 3\u00ba fin de semana de julio<\/span><\/td>\n<td><span style=\"color: #282828;\">\u00a0 \u00a0Sant Mart\u00ed<\/span><\/td>\n<\/tr>\n<tr>\n<td><span style=\"color: #282828;\">Es Castell<\/span><\/td>\n<td><span style=\"color: #282828;\">\u00a0 24, 25 y 26 julio<\/span><\/td>\n<td><span style=\"color: #282828;\">\u00a0\u00a0 \u00a0Sant Jaume<\/span><\/td>\n<\/tr>\n<tr>\n<td><span style=\"color: #282828;\">Fornells<\/span><\/td>\n<td><span style=\"color: #282828;\">\u00a0\u00a0 \u00a025 y 26 julio<\/span><\/td>\n<td><span style=\"color: #282828;\">\u00a0\u00a0 \u00a0Sant Antoni<\/span><\/td>\n<\/tr>\n<tr>\n<td><span style=\"color: #282828;\">Es Migjorn Gran<\/span><\/td>\n<td><span style=\"color: #282828;\">\u00a0 5\u00ba fin de semana de julio o 1\u00ba fin de semana de agosto<\/span><\/td>\n<td><span style=\"color: #282828;\">\u00a0Sant Crist\u00f2fol<\/span><\/td>\n<\/tr>\n<tr>\n<td><span style=\"color: #282828;\">Llume\u00e7anes<\/span><\/td>\n<td><span style=\"color: #282828;\">\u00a0 1\u00ba fin de semana de agosto<\/span><\/td>\n<td><span style=\"color: #282828;\">\u00a0Sant Gaiet\u00e0<\/span><\/td>\n<\/tr>\n<tr>\n<td><span style=\"color: #282828;\">Alaior<\/span><\/td>\n<td><span style=\"color: #282828;\"> 2\u00ba fin de semana de agosto<\/span><\/td>\n<td><span style=\"color: #282828;\">\u00a0Sant Lloren\u00e7<\/span><\/td>\n<\/tr>\n<tr>\n<td><span style=\"color: #282828;\">Sant Climent<\/span><\/td>\n<td><span style=\"color: #282828;\"> 3\u00ba fin de semana de agosto<\/span><\/td>\n<td><span style=\"color: #282828;\">\u00a0Sant Climent<\/span><\/td>\n<\/tr>\n<tr>\n<td><span style=\"color: #282828;\">Ferreries<\/span><\/td>\n<td><span style=\"color: #282828;\"> 23, 24 y 25 agosto<\/span><\/td>\n<td><span style=\"color: #282828;\">\u00a0Sant Bartomeu<\/span><\/td>\n<\/tr>\n<tr>\n<td><span style=\"color: #282828;\">Sant Llu\u00eds<\/span><\/td>\n<td>\u00daltimo fin de semana de agosto<\/td>\n<td><span style=\"color: #282828;\">\u00a0Sant Llu\u00eds<\/span><\/td>\n<\/tr>\n<tr>\n<td><span style=\"color: #282828;\">Ma\u00f3<\/span><\/td>\n<td>6, 7, 8 y 9 septiembre<\/td>\n<td><span style=\"color: #282828;\">\u00a0Mare de Deu de Gr\u00e0cia<\/span><\/td>\n<\/tr>\n<\/tbody>\n<\/table>\n<p style=\"text-align: left;\" data-line-height=\"xl\">\u00a0<\/p>\n\n\t\t<\/div>\n\t\t\t\t\t<\/div>\n\n\t\n\n<\/div>\n\n\t\t<\/div>\n\n\t\t\n<style>\n#section_105420366 {\n  padding-top: 30px;\n  padding-bottom: 30px;\n}\n<\/style>\n\t<\/section>\n\t\n\n\t<section class=\"section\" id=\"section_1766886203\">\n\t\t<div class=\"section-bg fill\" >\n\t\t\t\t\t\t\t\t\t\n\t\t\t\n\t<div class=\"is-border\"\n\t\tstyle=\"border-color:rgb(235, 235, 235);border-width:1px 0px 0px 0px;\">\n\t<\/div>\n\n\t\t<\/div>\n\n\t\t\n\n\t\t<div class=\"section-content relative\">\n\t\t\t\n\n<div class=\"row\"  id=\"row-211650616\">\n\n\n\t<div id=\"col-1802008118\" class=\"col medium-6 small-12 large-6\"  >\n\t\t\t\t<div class=\"col-inner\"  >\n\t\t\t\n\t\t\t\n\n<h3><span style=\"color: #ffffff; font-size: 120%;\">Restaurantes<\/span><\/h3>\n<p><span style=\"color: #ffffff;\">Menorca ofrece una amplia oferta gastron\u00f3mica. Hemos seleccionado esta lista pero avent\u00farese en sus vacaciones y salga a la b\u00fasqueda de peque\u00f1as sorpresas para su paladar.<\/span><\/p>\n<p><span style=\"color: #ffffff;\"><strong>Cocina Mediterr\u00e1nea<\/strong><\/span><\/p>\n<p><span style=\"color: #ffffff;\">Restaurante Ses Forquilles<\/span><br \/><span style=\"color: #ffffff;\">Calle Rovenada de Dalt, 20 Mah\u00f3n Tel. 971 35 2711\u00a0<a style=\"color: #ffffff;\" href=\"https:\/\/web.archive.org\/web\/20180903202802\/http:\/\/www.sesforquilles.com\/\" target=\"_blank\" rel=\"noopener noreferrer\">www.sesforquilles.com<\/a><\/span><\/p>\n<p><span style=\"color: #ffffff;\">Alcaufar Vell<\/span><br \/><span style=\"color: #ffffff;\">Ctra. Alcaufar km 8, Sant Llu\u00eds Telf.: 971 15 18 74\u00a0<a style=\"color: #ffffff;\" href=\"https:\/\/web.archive.org\/web\/20180903202802\/http:\/\/www.alcaufarvell.com\/\" target=\"_blank\" rel=\"noopener noreferrer\">www.alcaufarvell.com<\/a><\/span><\/p>\n<div>\n<div><span style=\"color: #ffffff;\">Biniarroca<\/span><br \/><span style=\"color: #ffffff;\">Cam\u00ed Vell, 57, Sant Llu\u00eds Telf.: 971 15 00 59\u00a0<a style=\"color: #ffffff;\" href=\"https:\/\/web.archive.org\/web\/20180903202802\/http:\/\/www.biniarroca.com\/es\" target=\"_blank\" rel=\"noopener noreferrer\">www.biniarroca.com\/es<\/a><\/span><\/div>\n<p><span style=\"color: #ffffff;\">Sant Joan de Binissaida<\/span><br \/><span style=\"color: #ffffff;\">Cam\u00ed de binissaida, 108, Es Castell Telf.: 971 35 55 98 <a style=\"color: #ffffff;\" href=\"https:\/\/web.archive.org\/web\/20180903202802\/http:\/\/www.binissaida.com\/es\" target=\"_blank\" rel=\"noopener noreferrer\">www.binissaida.com\/es<\/a><\/span><\/p>\n<p><span style=\"color: #ffffff;\">Sa Pedrera des Pujol<\/span><\/p>\n<div><span style=\"color: #ffffff;\">Cam\u00ed d\u2019es Pujol, 14, Sant Llu\u00eds Telf.: 971 15 07 17\u00a0<a style=\"color: #ffffff;\" href=\"https:\/\/web.archive.org\/web\/20180903202802\/http:\/\/www.sapedreradespujol.com\/\" target=\"_blank\" rel=\"noopener noreferrer\">www.sapedreradespujol.com<\/a><\/span><\/div>\n<div>\n<p><span style=\"color: #ffffff;\">La Caraba<\/span><br \/><span style=\"color: #ffffff;\">S\u2019uestra, 78, Sant Llu\u00eds Telf.: 971 15 06 82 <a style=\"color: #ffffff;\" href=\"https:\/\/web.archive.org\/web\/20180903202802\/http:\/\/www.restaurantelacaraba.com\/\" target=\"_blank\" rel=\"noopener noreferrer\">www.restaurantelacaraba.com<\/a><\/span><\/p>\n<\/div>\n<div>\n<p><span style=\"color: #ffffff;\">Restaurante Pan y Vino<\/span><br \/><span style=\"color: #ffffff;\">Cam\u00ed de la Coixa, 3, Torret, Sant Llu\u00eds Telf.: 971 15 02 01 <a style=\"color: #ffffff;\" href=\"https:\/\/web.archive.org\/web\/20180903202802\/http:\/\/www.panyvinomenorca.com\/\" target=\"_blank\" rel=\"noopener noreferrer\">www.panyvinomenorca.com<\/a><\/span><\/p>\n<\/div>\n<div>\n<p><span style=\"color: #ffffff;\">Binifadet<\/span><br \/><span style=\"color: #ffffff;\">Cam\u00ed de ses Barraque s\/n, Sant Llu\u00eds Telf.: 971 15 07 15 <a style=\"color: #ffffff;\" href=\"https:\/\/web.archive.org\/web\/20180903202802\/http:\/\/www.binifadet.com\/\" target=\"_blank\" rel=\"noopener noreferrer\">www.binifadet.com<\/a><\/span><\/p>\n<\/div>\n<\/div>\n<p><span style=\"color: #ffffff;\"><strong><br \/>Carnes<br \/><\/strong><\/span><\/p>\n<div>\n<p><span style=\"color: #ffffff;\">La Venta de Paco<\/span><br \/><span style=\"color: #ffffff;\">Avda. Sa Pau, 158, Sant Llu\u00eds Tel.: 971 15 09 95 <a style=\"color: #ffffff;\" href=\"https:\/\/web.archive.org\/web\/20180903202802\/http:\/\/www.laventadepaco.wordpress.com\/\" target=\"_blank\" rel=\"noopener noreferrer\">www.laventadepaco.wordpress.com<\/a><\/span><\/p>\n<\/div>\n<div>\n<p><span style=\"color: #ffffff;\">Restaurante El Grill<\/span><br \/><span style=\"color: #ffffff;\">Ctra. Mah\u00f3n\/Aeropuerto Tel.: 971 36 79 03<\/span><\/p>\n<\/div>\n\n\t\t<\/div>\n\t\t\t\t\t<\/div>\n\n\t\n\n\t<div id=\"col-1941677775\" class=\"col medium-6 small-12 large-6\"  >\n\t\t\t\t<div class=\"col-inner\"  >\n\t\t\t\n\t\t\t\n\n<div>\n<p><span style=\"color: #ffffff;\"><strong>Marisco<\/strong><\/span><\/p>\n<\/div>\n<p><span style=\"color: #ffffff;\">J\u00e1garo<\/span><br \/><span style=\"color: #ffffff;\">Moll de Llevant, 334, Mah\u00f3n Tel.: 971 36 23 90 <a style=\"color: #ffffff;\" href=\"https:\/\/web.archive.org\/web\/20180903202802\/http:\/\/www.jagaromenorca.com\/\" target=\"_blank\" rel=\"noopener noreferrer\">www.jagaromenorca.com<\/a><\/span><\/p>\n<p><span style=\"color: #ffffff;\">Cap Roig<\/span><br \/><span style=\"color: #ffffff;\">Sa Mesquida, 14, Mah\u00f3n Tel.: 971 18 83 83 <a style=\"color: #ffffff;\" href=\"https:\/\/web.archive.org\/web\/20180903202802\/http:\/\/www.restaurantcaproig.com\/\" target=\"_blank\" rel=\"noopener noreferrer\">www.restaurantcaproig.com<\/a><\/span><\/p>\n<p><span style=\"color: #ffffff;\">Es Port<\/span><br \/><span style=\"color: #ffffff;\">Avda. Poeta Gumersind Riera, 5, Fornells Tel.: 971 97 64 03<\/span><\/p>\n<p><span style=\"color: #ffffff;\">Can Bernat des Grau<\/span><br \/><span style=\"color: #ffffff;\">Ctra. Mah\u00f3n\/Fornells km3, Mah\u00f3n Telf.: 650 97 46 85 <a style=\"color: #ffffff;\" href=\"https:\/\/web.archive.org\/web\/20180903202802\/http:\/\/www.canbernatdesgrau.com\/\" target=\"_blank\" rel=\"noopener noreferrer\">www.canbernatdesgrau.com<\/a><\/span><\/p>\n<p><span style=\"color: #ffffff;\"><strong><br \/>Comida Asi\u00e1tica<br \/><\/strong><\/span><\/p>\n<p><span style=\"color: #ffffff;\">La Boyera<\/span><br \/><span style=\"color: #ffffff;\">Binisafua, Sant Llu\u00eds Telf.: 971 15 17 86 <a style=\"color: #ffffff;\" href=\"https:\/\/web.archive.org\/web\/20180903202802\/http:\/\/www.laboyera.es\/\" target=\"_blank\" rel=\"noopener noreferrer\">www.laboyera.es<\/a><\/span><\/p>\n<p><span style=\"color: #ffffff;\">Restaurante Way<\/span><br \/><span style=\"color: #ffffff;\">Moll de Llevant, 274, Mah\u00f3n Telf.: 971 36 22 72 <a style=\"color: #ffffff;\" href=\"https:\/\/web.archive.org\/web\/20180903202802\/http:\/\/www.restauranteway.com\/\" target=\"_blank\" rel=\"noopener noreferrer\">www.restauranteway.com<\/a><\/span><\/p>\n<p><span style=\"color: #ffffff;\">Rainbow Spice<\/span><br \/><span style=\"color: #ffffff;\">Moll de Llevant, 75, Mah\u00f3n Telf.: 971 36 43 93<\/span><\/p>\n<p><span style=\"color: #ffffff;\"><strong><br \/>Pizzerias<\/strong><\/span><\/p>\n<p><span style=\"color: #ffffff;\">Villa Madrid<\/span><br \/><span style=\"color: #ffffff;\">Cam\u00ed S\u2019uestra, 46, Sant Llu\u00eds Telf.: 971 15 04 64<\/span><\/p>\n<p><span style=\"color: #ffffff;\">La Baia<\/span><br \/><span style=\"color: #ffffff;\">Pase Mar\u00edtimo Cala Biniancolla, Sant Llu\u00eds Telf.: 971 15 92 81<\/span><\/p>\n<p><span style=\"color: #ffffff;\">Rojo Pomodoro<\/span><br \/><span style=\"color: #ffffff;\">Carrer de Sant Josep, 7 Es Castell Telf: 971 351 853<\/span><\/p>\n<p><span style=\"color: #ffffff;\">Casanova<\/span><br \/><span style=\"color: #ffffff;\">Moll de Ponent, 15 Mahon Telf: 971 354 169<\/span><\/p>\n<div>\u00a0<\/div>\n\n\t\t<\/div>\n\t\t\t\t\t<\/div>\n\n\t\n\n<\/div>\n\n\t\t<\/div>\n\n\t\t\n<style>\n#section_1766886203 {\n  padding-top: 59px;\n  padding-bottom: 59px;\n  min-height: 300px;\n  background-color: #1ea595;\n}\n<\/style>\n\t<\/section>\n\t\n\n  \n    <div class=\"row large-columns-4 medium-columns-3 small-columns-1 has-shadow row-box-shadow-1 row-box-shadow-4-hover slider row-slider slider-nav-reveal slider-nav-push\"  data-flickity-options='{&quot;imagesLoaded&quot;: true, &quot;groupCells&quot;: &quot;100%&quot;, &quot;dragThreshold&quot; : 5, &quot;cellAlign&quot;: &quot;left&quot;,&quot;wrapAround&quot;: true,&quot;prevNextButtons&quot;: true,&quot;percentPosition&quot;: true,&quot;pageDots&quot;: false, &quot;rightToLeft&quot;: false, &quot;autoPlay&quot; : false}' >\n\n  <\/div>\n\n\n","protected":false},"excerpt":{"rendered":"","protected":false},"author":1,"featured_media":0,"parent":0,"menu_order":44,"comment_status":"closed","ping_status":"closed","template":"page-blank.php","meta":{"_acf_changed":false,"footnotes":""},"class_list":["post-2772","page","type-page","status-publish","hentry"],"acf":[],"yoast_head":"<!-- This site is optimized with the Yoast SEO Premium plugin v26.7 (Yoast SEO v27.4) - https:\/\/yoast.com\/product\/yoast-seo-premium-wordpress\/ -->\n<title>Vacaciones en Menorca | Menorca Villas | Alquiler Vacacional Menorca<\/title>\n<meta name=\"description\" content=\"Vacaciones en Menorca. Contacte con nosotros para conocer las mejores zonas d\u00f3nde alojarse en Menorca o que hacer en Menorca.\" \/>\n<meta name=\"robots\" content=\"index, follow, max-snippet:-1, max-image-preview:large, max-video-preview:-1\" \/>\n<link rel=\"canonical\" href=\"https:\/\/menorcavillas.co.uk\/es\/vacaciones-en-menorca\/\" \/>\n<meta property=\"og:locale\" content=\"es_ES\" \/>\n<meta property=\"og:type\" content=\"article\" \/>\n<meta property=\"og:title\" content=\"Vacaciones en Menorca\" \/>\n<meta property=\"og:description\" content=\"Vacaciones en Menorca. Contacte con nosotros para conocer las mejores zonas d\u00f3nde alojarse en Menorca o que hacer en Menorca.\" \/>\n<meta property=\"og:url\" content=\"https:\/\/menorcavillas.co.uk\/es\/vacaciones-en-menorca\/\" \/>\n<meta property=\"og:site_name\" content=\"Menorca Villas\" \/>\n<meta property=\"article:publisher\" content=\"https:\/\/www.facebook.com\/menorcavillasmenorca\/\" \/>\n<meta property=\"article:modified_time\" content=\"2026-03-17T13:36:46+00:00\" \/>\n<meta property=\"og:image\" content=\"https:\/\/menorcavillas.co.uk\/wp-content\/uploads\/2020\/02\/views-home.jpg\" \/>\n\t<meta property=\"og:image:width\" content=\"700\" \/>\n\t<meta property=\"og:image:height\" content=\"535\" \/>\n\t<meta property=\"og:image:type\" content=\"image\/jpeg\" \/>\n<meta name=\"twitter:card\" content=\"summary_large_image\" \/>\n<meta name=\"twitter:label1\" content=\"Tiempo de lectura\" \/>\n\t<meta name=\"twitter:data1\" content=\"11 minutos\" \/>\n<script type=\"application\/ld+json\" class=\"yoast-schema-graph\">{\"@context\":\"https:\\\/\\\/schema.org\",\"@graph\":[{\"@type\":\"WebPage\",\"@id\":\"https:\\\/\\\/menorcavillas.co.uk\\\/es\\\/vacaciones-en-menorca\\\/\",\"url\":\"https:\\\/\\\/menorcavillas.co.uk\\\/es\\\/vacaciones-en-menorca\\\/\",\"name\":\"Vacaciones en Menorca | Menorca Villas | Alquiler Vacacional Menorca\",\"isPartOf\":{\"@id\":\"https:\\\/\\\/menorcavillas.co.uk\\\/es\\\/#website\"},\"datePublished\":\"2019-12-09T17:19:15+00:00\",\"dateModified\":\"2026-03-17T13:36:46+00:00\",\"description\":\"Vacaciones en Menorca. Contacte con nosotros para conocer las mejores zonas d\u00f3nde alojarse en Menorca o que hacer en Menorca.\",\"breadcrumb\":{\"@id\":\"https:\\\/\\\/menorcavillas.co.uk\\\/es\\\/vacaciones-en-menorca\\\/#breadcrumb\"},\"inLanguage\":\"es\",\"potentialAction\":[{\"@type\":\"ReadAction\",\"target\":[\"https:\\\/\\\/menorcavillas.co.uk\\\/es\\\/vacaciones-en-menorca\\\/\"]}]},{\"@type\":\"BreadcrumbList\",\"@id\":\"https:\\\/\\\/menorcavillas.co.uk\\\/es\\\/vacaciones-en-menorca\\\/#breadcrumb\",\"itemListElement\":[{\"@type\":\"ListItem\",\"position\":1,\"name\":\"Menorca Villas\",\"item\":\"https:\\\/\\\/menorcavillas.co.uk\\\/es\\\/\"},{\"@type\":\"ListItem\",\"position\":2,\"name\":\"Vacaciones en Menorca\"}]},{\"@type\":\"WebSite\",\"@id\":\"https:\\\/\\\/menorcavillas.co.uk\\\/es\\\/#website\",\"url\":\"https:\\\/\\\/menorcavillas.co.uk\\\/es\\\/\",\"name\":\"Menorca Villas\",\"description\":\"Holiday Rentals Menorca\",\"publisher\":{\"@id\":\"https:\\\/\\\/menorcavillas.co.uk\\\/es\\\/#organization\"},\"potentialAction\":[{\"@type\":\"SearchAction\",\"target\":{\"@type\":\"EntryPoint\",\"urlTemplate\":\"https:\\\/\\\/menorcavillas.co.uk\\\/es\\\/?s={search_term_string}\"},\"query-input\":{\"@type\":\"PropertyValueSpecification\",\"valueRequired\":true,\"valueName\":\"search_term_string\"}}],\"inLanguage\":\"es\"},{\"@type\":\"Organization\",\"@id\":\"https:\\\/\\\/menorcavillas.co.uk\\\/es\\\/#organization\",\"name\":\"Menorca Villas\",\"url\":\"https:\\\/\\\/menorcavillas.co.uk\\\/es\\\/\",\"logo\":{\"@type\":\"ImageObject\",\"inLanguage\":\"es\",\"@id\":\"https:\\\/\\\/menorcavillas.co.uk\\\/es\\\/#\\\/schema\\\/logo\\\/image\\\/\",\"url\":\"\",\"contentUrl\":\"\",\"caption\":\"Menorca Villas\"},\"image\":{\"@id\":\"https:\\\/\\\/menorcavillas.co.uk\\\/es\\\/#\\\/schema\\\/logo\\\/image\\\/\"},\"sameAs\":[\"https:\\\/\\\/www.facebook.com\\\/menorcavillasmenorca\\\/\"]}]}<\/script>\n<!-- \/ Yoast SEO Premium plugin. -->","yoast_head_json":{"title":"Vacaciones en Menorca | Menorca Villas | Alquiler Vacacional Menorca","description":"Vacaciones en Menorca. Contacte con nosotros para conocer las mejores zonas d\u00f3nde alojarse en Menorca o que hacer en Menorca.","robots":{"index":"index","follow":"follow","max-snippet":"max-snippet:-1","max-image-preview":"max-image-preview:large","max-video-preview":"max-video-preview:-1"},"canonical":"https:\/\/menorcavillas.co.uk\/es\/vacaciones-en-menorca\/","og_locale":"es_ES","og_type":"article","og_title":"Vacaciones en Menorca","og_description":"Vacaciones en Menorca. Contacte con nosotros para conocer las mejores zonas d\u00f3nde alojarse en Menorca o que hacer en Menorca.","og_url":"https:\/\/menorcavillas.co.uk\/es\/vacaciones-en-menorca\/","og_site_name":"Menorca Villas","article_publisher":"https:\/\/www.facebook.com\/menorcavillasmenorca\/","article_modified_time":"2026-03-17T13:36:46+00:00","og_image":[{"width":700,"height":535,"url":"https:\/\/menorcavillas.co.uk\/wp-content\/uploads\/2020\/02\/views-home.jpg","type":"image\/jpeg"}],"twitter_card":"summary_large_image","twitter_misc":{"Tiempo de lectura":"11 minutos"},"schema":{"@context":"https:\/\/schema.org","@graph":[{"@type":"WebPage","@id":"https:\/\/menorcavillas.co.uk\/es\/vacaciones-en-menorca\/","url":"https:\/\/menorcavillas.co.uk\/es\/vacaciones-en-menorca\/","name":"Vacaciones en Menorca | Menorca Villas | Alquiler Vacacional Menorca","isPartOf":{"@id":"https:\/\/menorcavillas.co.uk\/es\/#website"},"datePublished":"2019-12-09T17:19:15+00:00","dateModified":"2026-03-17T13:36:46+00:00","description":"Vacaciones en Menorca. Contacte con nosotros para conocer las mejores zonas d\u00f3nde alojarse en Menorca o que hacer en Menorca.","breadcrumb":{"@id":"https:\/\/menorcavillas.co.uk\/es\/vacaciones-en-menorca\/#breadcrumb"},"inLanguage":"es","potentialAction":[{"@type":"ReadAction","target":["https:\/\/menorcavillas.co.uk\/es\/vacaciones-en-menorca\/"]}]},{"@type":"BreadcrumbList","@id":"https:\/\/menorcavillas.co.uk\/es\/vacaciones-en-menorca\/#breadcrumb","itemListElement":[{"@type":"ListItem","position":1,"name":"Menorca Villas","item":"https:\/\/menorcavillas.co.uk\/es\/"},{"@type":"ListItem","position":2,"name":"Vacaciones en Menorca"}]},{"@type":"WebSite","@id":"https:\/\/menorcavillas.co.uk\/es\/#website","url":"https:\/\/menorcavillas.co.uk\/es\/","name":"Menorca Villas","description":"Holiday Rentals Menorca","publisher":{"@id":"https:\/\/menorcavillas.co.uk\/es\/#organization"},"potentialAction":[{"@type":"SearchAction","target":{"@type":"EntryPoint","urlTemplate":"https:\/\/menorcavillas.co.uk\/es\/?s={search_term_string}"},"query-input":{"@type":"PropertyValueSpecification","valueRequired":true,"valueName":"search_term_string"}}],"inLanguage":"es"},{"@type":"Organization","@id":"https:\/\/menorcavillas.co.uk\/es\/#organization","name":"Menorca Villas","url":"https:\/\/menorcavillas.co.uk\/es\/","logo":{"@type":"ImageObject","inLanguage":"es","@id":"https:\/\/menorcavillas.co.uk\/es\/#\/schema\/logo\/image\/","url":"","contentUrl":"","caption":"Menorca Villas"},"image":{"@id":"https:\/\/menorcavillas.co.uk\/es\/#\/schema\/logo\/image\/"},"sameAs":["https:\/\/www.facebook.com\/menorcavillasmenorca\/"]}]}},"_links":{"self":[{"href":"https:\/\/menorcavillas.co.uk\/es\/wp-json\/wp\/v2\/pages\/2772","targetHints":{"allow":["GET"]}}],"collection":[{"href":"https:\/\/menorcavillas.co.uk\/es\/wp-json\/wp\/v2\/pages"}],"about":[{"href":"https:\/\/menorcavillas.co.uk\/es\/wp-json\/wp\/v2\/types\/page"}],"author":[{"embeddable":true,"href":"https:\/\/menorcavillas.co.uk\/es\/wp-json\/wp\/v2\/users\/1"}],"replies":[{"embeddable":true,"href":"https:\/\/menorcavillas.co.uk\/es\/wp-json\/wp\/v2\/comments?post=2772"}],"version-history":[{"count":13,"href":"https:\/\/menorcavillas.co.uk\/es\/wp-json\/wp\/v2\/pages\/2772\/revisions"}],"predecessor-version":[{"id":99771,"href":"https:\/\/menorcavillas.co.uk\/es\/wp-json\/wp\/v2\/pages\/2772\/revisions\/99771"}],"wp:attachment":[{"href":"https:\/\/menorcavillas.co.uk\/es\/wp-json\/wp\/v2\/media?parent=2772"}],"curies":[{"name":"wp","href":"https:\/\/api.w.org\/{rel}","templated":true}]}}